{"id":28,"date":"2016-03-29T10:55:33","date_gmt":"2016-03-29T08:55:33","guid":{"rendered":"https:\/\/www.hrc-muenster.de\/wordpress\/?page_id=28"},"modified":"2016-04-29T20:46:23","modified_gmt":"2016-04-29T18:46:23","slug":"ihr-weg-zu-uns","status":"publish","type":"page","link":"https:\/\/www.hrc-muenster.de\/wordpress\/ueber-uns\/ihr-weg-zu-uns\/","title":{"rendered":"Ihr Weg zu uns"},"content":{"rendered":"<p><b>Hier finden Sie uns:<\/b><i><br \/>\n<\/i>im Landhotel <b>\u201cSendes\u201d<\/b><br \/>\nKley. 43<br \/>\n48308 Senden\/B\u00f6sensell<br \/>\nTel.: 02509-99130<\/p>\n<p>Gastst\u00e4tte &#8222;Landhotel, Sendes&#8220; \/ (<a class=\"link\" title=\"hrc-MS Stammtisch\" href=\"http:\/\/www.landhotel-sendes.de\/\" target=\"_blank\">Link hier<\/a>)<b> <\/b><\/p>\n<p><b>Anfahrt mit dem eigenen Fahrzeug<\/b><\/p>\n<p><i>Man kommt von M\u00fcnster in <\/i><b><i>Richtung D\u00fclmen<\/i><\/b><i> \u00fcber die B51 und \u00fcber die L551 bis B\u00f6sensell.<br \/>\nHinter dem M\u00f6belhaus <i>&#8222;Hardeck&#8220;<\/i> an der Ampel vor der Tankstelle geradeaus einordnen und weiter nach ca. 1,8 Km auf der linken Seite! \u00a0 <b><a href=\"https:\/\/goo.gl\/maps\/ush5j7DK3MG2\" target=\"_blank\">Das Landhotel Sendes finden Sie hier!<\/a><\/b><br \/>\n<\/i><\/p>\n<p><strong><span style=\"text-decoration: underline; color: #ff6600;\"><i>oder Autobahn Abfahrt<\/i><\/span><span style=\"color: #ff6600;\"><i>\u00a0 <\/i><\/span><span style=\"color: #0000ff;\"><i>Senden<\/i><\/span><\/strong><i>, dann aber nach <\/i><b><i>B\u00f6sensell<\/i><\/b><i> links abbiegen.<br \/>\nAn der Ampel L551 links abbiegen und weiter am Ort vorbei hinter dem M\u00f6belhaus &#8222;Hardeck&#8220; an der Ampel vor der Tankstelle geradeaus einordnen und weiter nach ca. 1,8 Km auf der linken Seite finden Sie!<\/i><br \/>\n<b><a href=\"https:\/\/goo.gl\/maps\/ush5j7DK3MG2\" target=\"_blank\">Das Landhotel Sendes finden Sie hier!<\/a><\/b><\/p>\n<p><b>Anfahrt mit \u00f6ffentlichen Verkehrsmitteln<br \/>\n<\/b>(RVM-Regionalverkehr M\u00fcnster)<\/p>\n<p><i>Man kommt von M\u00fcnster in Richtung D\u00fclmen auf der B51 \u00fcber die L551.<br \/>\nHier der Link f\u00fcr die Bus- und Bahnverbindungen <\/i><b>(<\/b><a class=\"link\" title=\"\" href=\"http:\/\/efa.vrr.de\/vrrstd\/XSLT_TRIP_REQUEST2?language=de&amp;itdLPxx_transpCompany=wvg\" target=\"_blank\">Link HIER<\/a><b>) <\/b><\/p>\n","protected":false},"excerpt":{"rendered":"<p>Hier finden Sie uns: im Landhotel \u201cSendes\u201d Kley. 43 48308 Senden\/B\u00f6sensell Tel.: 02509-99130 Gastst\u00e4tte &#8222;Landhotel, Sendes&#8220; \/ (Link hier) Anfahrt mit dem eigenen Fahrzeug Man kommt von M\u00fcnster in Richtung D\u00fclmen \u00fcber die B51 und \u00fcber die L551 bis B\u00f6sensell. Hinter dem M\u00f6belhaus &#8222;Hardeck&#8220; an der Ampel vor der Tankstelle geradeaus einordnen und weiter nach &hellip; <a href=\"https:\/\/www.hrc-muenster.de\/wordpress\/ueber-uns\/ihr-weg-zu-uns\/\" class=\"more-link\"><span class=\"screen-reader-text\">\u201eIhr Weg zu uns\u201c <\/span>weiterlesen<\/a><\/p>\n","protected":false},"author":2,"featured_media":0,"parent":21,"menu_order":7,"comment_status":"closed","ping_status":"closed","template":"","meta":{"footnotes":""},"class_list":["post-28","page","type-page","status-publish","hentry"],"_links":{"self":[{"href":"https:\/\/www.hrc-muenster.de\/wordpress\/wp-json\/wp\/v2\/pages\/28","targetHints":{"allow":["GET"]}}],"collection":[{"href":"https:\/\/www.hrc-muenster.de\/wordpress\/wp-json\/wp\/v2\/pages"}],"about":[{"href":"https:\/\/www.hrc-muenster.de\/wordpress\/wp-json\/wp\/v2\/types\/page"}],"author":[{"embeddable":true,"href":"https:\/\/www.hrc-muenster.de\/wordpress\/wp-json\/wp\/v2\/users\/2"}],"replies":[{"embeddable":true,"href":"https:\/\/www.hrc-muenster.de\/wordpress\/wp-json\/wp\/v2\/comments?post=28"}],"version-history":[{"count":20,"href":"https:\/\/www.hrc-muenster.de\/wordpress\/wp-json\/wp\/v2\/pages\/28\/revisions"}],"predecessor-version":[{"id":452,"href":"https:\/\/www.hrc-muenster.de\/wordpress\/wp-json\/wp\/v2\/pages\/28\/revisions\/452"}],"up":[{"embeddable":true,"href":"https:\/\/www.hrc-muenster.de\/wordpress\/wp-json\/wp\/v2\/pages\/21"}],"wp:attachment":[{"href":"https:\/\/www.hrc-muenster.de\/wordpress\/wp-json\/wp\/v2\/media?parent=28"}],"curies":[{"name":"wp","href":"https:\/\/api.w.org\/{rel}","templated":true}]}}